{"id":3,"date":"2025-02-26T17:23:49","date_gmt":"2025-02-26T17:23:49","guid":{"rendered":"https:\/\/selbaacrobatics.hu\/site\/?page_id=3"},"modified":"2025-03-02T09:13:21","modified_gmt":"2025-03-02T08:13:21","slug":"adatkezeles","status":"publish","type":"page","link":"https:\/\/selbaacrobatics.hu\/site\/kapcsolat\/adatkezeles\/","title":{"rendered":"Adatkezel\u00e9s"},"content":{"rendered":"<div id=\"fb-root\"><\/div>\n<h2 style=\"text-align: justify;\">Adatkezel\u00e9s<\/h2>\n<p style=\"text-align: justify;\"><strong>A szab\u00e1lyzat tartalm\u00e1\u00e9rt felel\u0151s szem\u00e9ly:<\/strong> Babos \u00c1d\u00e1m<\/p>\n<p style=\"text-align: justify;\"><strong>A szervezet sz\u00e9khelye:<\/strong> 1141 Budapest, Mogyor\u00f3di \u00fat 145\/B.<\/p>\n<p style=\"text-align: justify;\"><strong>A szab\u00e1lyzat hat\u00e1lyba l\u00e9p\u00e9s\u00e9nek d\u00e1tuma:<\/strong> 2025. m\u00e1rcius 1.<\/p>\n<p style=\"text-align: justify;\">Ez a szab\u00e1lyzat a term\u00e9szetes szem\u00e9lyeknek a szem\u00e9lyes adatok kezel\u00e9se tekintet\u00e9ben t\u00f6rt\u00e9n\u0151 v\u00e9delm\u00e9re \u00e9s a szem\u00e9lyes adatok szabad \u00e1raml\u00e1s\u00e1ra vonatkoz\u00f3 szab\u00e1lyokat \u00e1llap\u00edt meg. A szab\u00e1lyzatban foglaltakat kell alkalmazni a konkr\u00e9t adatkezel\u00e9si tev\u00e9kenys\u00e9gek sor\u00e1n, valamint az adatkezel\u00e9st szab\u00e1lyoz\u00f3 utas\u00edt\u00e1sok \u00e9s t\u00e1j\u00e9koztat\u00e1sok kiad\u00e1sakor.<\/p>\n<p style=\"text-align: justify;\">Adatv\u00e9delmi tisztvisel\u0151 alkalmaz\u00e1si (kijel\u00f6l\u00e9si) k\u00f6telezetts\u00e9g kiterjed minden k\u00f6zhatalmi szervre vagy egy\u00e9b, k\u00f6zfeladatot ell\u00e1t\u00f3 szervre (f\u00fcggetlen\u00fcl att\u00f3l, hogy milyen adatokat dolgoz fel), valamint egy\u00e9b olyan szervezetekre, amelyek f\u0151 tev\u00e9kenys\u00e9ge az egy\u00e9nek szisztematikus, nagym\u00e9rt\u00e9k\u0171 megfigyel\u00e9se, vagy amelyek a szem\u00e9lyes adatok k\u00fcl\u00f6nleges kateg\u00f3ri\u00e1it nagy sz\u00e1mban kezelik.<\/p>\n<p style=\"text-align: justify;\"><strong>A szab\u00e1lyzat hat\u00e1lya<\/strong><\/p>\n<p style=\"text-align: justify;\">E szab\u00e1lyzat visszavon\u00e1sig \u00e9rv\u00e9nyes, hat\u00e1lya kiterjed a szervezet tiszts\u00e9gvisel\u0151ire, alkalmazottaira \u00e9s a szervezet adatv\u00e9delmi tisztvisel\u0151j\u00e9re.<\/p>\n<p style=\"text-align: justify;\"><strong>A szab\u00e1lyzat c\u00e9lja:<\/strong><\/p>\n<p style=\"text-align: justify;\">E szab\u00e1lyzat c\u00e9lja, hogy harmoniz\u00e1lja az adatkezel\u00e9si tev\u00e9kenys\u00e9gek tekintet\u00e9ben a szervezet egy\u00e9b bels\u0151 szab\u00e1lyzatainak el\u0151\u00edr\u00e1sait a term\u00e9szetes szem\u00e9lyek alapvet\u0151 jogainak \u00e9s szabads\u00e1gainak v\u00e9delme \u00e9rdek\u00e9ben, valamint biztos\u00edtsa a szem\u00e9lyes adatok megfelel\u0151 kezel\u00e9s\u00e9t.<\/p>\n<p style=\"text-align: justify;\">A szervezet tev\u00e9kenys\u00e9ge sor\u00e1n teljes m\u00e9rt\u00e9kben meg k\u00edv\u00e1n felelni a szem\u00e9lyes adatok kezel\u00e9s\u00e9re vonatkoz\u00f3 jogszab\u00e1lyi el\u0151\u00edr\u00e1soknak, k\u00fcl\u00f6n\u00f6sen az Eur\u00f3pai Parlament \u00e9s a Tan\u00e1cs (EU) 2016\/679 rendelet\u00e9ben foglaltaknak.<\/p>\n<p style=\"text-align: justify;\">A szab\u00e1lyzat kiad\u00e1s\u00e1nak fontos c\u00e9lja tov\u00e1bb\u00e1, hogy megismer\u00e9s\u00e9vel \u00e9s betart\u00e1s\u00e1val a szervezet alkalmazottai k\u00e9pesek legyenek a term\u00e9szetes szem\u00e9lyek adatai kezel\u00e9s\u00e9t jogszer\u0171en v\u00e9gezni.<\/p>\n<p style=\"text-align: justify;\"><strong>L\u00e9nyeges fogalmak, meghat\u00e1roz\u00e1sok<\/strong><\/p>\n<p style=\"text-align: justify;\">\u2013 a GDPR (General Data Protection Regulation) az Eur\u00f3pai Uni\u00f3 \u00faj Adatv\u00e9delmi Rendelete<\/p>\n<p style=\"text-align: justify;\">\u2013 adatkezel\u0151: az a term\u00e9szetes vagy jogi szem\u00e9ly, k\u00f6zhatalmi szerv, \u00fcgyn\u00f6ks\u00e9g vagy b\u00e1rmely egy\u00e9b szerv, amely a szem\u00e9lyes adatok kezel\u00e9s\u00e9nek c\u00e9ljait \u00e9s eszk\u00f6zeit \u00f6n\u00e1ll\u00f3an vagy m\u00e1sokkal egy\u00fctt meghat\u00e1rozza; ha az adatkezel\u00e9s c\u00e9ljait \u00e9s eszk\u00f6zeit az uni\u00f3s vagy a tag\u00e1llami jog hat\u00e1rozza meg, az adatkezel\u0151t vagy az adatkezel\u0151 kijel\u00f6l\u00e9s\u00e9re vonatkoz\u00f3 k\u00fcl\u00f6n\u00f6s szempontokat az uni\u00f3s vagy a tag\u00e1llami jog is meghat\u00e1rozhatja;<\/p>\n<p style=\"text-align: justify;\">\u2013 adatkezel\u00e9s: a szem\u00e9lyes adatokon vagy adat\u00e1llom\u00e1nyokon automatiz\u00e1lt vagy nem automatiz\u00e1lt m\u00f3don v\u00e9gzett b\u00e1rmely m\u0171velet vagy m\u0171veletek \u00f6sszess\u00e9ge, \u00edgy a gy\u0171jt\u00e9s, r\u00f6gz\u00edt\u00e9s, rendszerez\u00e9s, tagol\u00e1s, t\u00e1rol\u00e1s, \u00e1talak\u00edt\u00e1s vagy megv\u00e1ltoztat\u00e1s, lek\u00e9rdez\u00e9s, betekint\u00e9s, felhaszn\u00e1l\u00e1s, k\u00f6zl\u00e9s, tov\u00e1bb\u00edt\u00e1s, terjeszt\u00e9s vagy egy\u00e9b m\u00f3don t\u00f6rt\u00e9n\u0151 hozz\u00e1f\u00e9rhet\u0151v\u00e9 t\u00e9tel \u00fatj\u00e1n, \u00f6sszehangol\u00e1s vagy \u00f6sszekapcsol\u00e1s, korl\u00e1toz\u00e1s, t\u00f6rl\u00e9s, illetve megsemmis\u00edt\u00e9s;<\/p>\n<p style=\"text-align: justify;\">\u2013 adatfeldolgoz\u00f3: az a term\u00e9szetes vagy jogi szem\u00e9ly, k\u00f6zhatalmi szerv, \u00fcgyn\u00f6ks\u00e9g vagy b\u00e1rmely egy\u00e9b szerv, amely az adatkezel\u0151 nev\u00e9ben szem\u00e9lyes adatokat kezel;<\/p>\n<p style=\"text-align: justify;\">\u2013 szem\u00e9lyes adat: azonos\u00edtott vagy azonos\u00edthat\u00f3 term\u00e9szetes szem\u00e9lyre (\u00e9rintett) vonatkoz\u00f3 b\u00e1rmely inform\u00e1ci\u00f3; azonos\u00edthat\u00f3 az a term\u00e9szetes szem\u00e9ly, aki k\u00f6zvetlen vagy k\u00f6zvetett m\u00f3don, k\u00fcl\u00f6n\u00f6sen valamely azonos\u00edt\u00f3, p\u00e9ld\u00e1ul n\u00e9v, sz\u00e1m, helymeghat\u00e1roz\u00f3 adat, online azonos\u00edt\u00f3 vagy a term\u00e9szetes szem\u00e9ly testi, fiziol\u00f3giai, genetikai, szellemi, gazdas\u00e1gi, kultur\u00e1lis vagy szoci\u00e1lis azonoss\u00e1g\u00e1ra vonatkoz\u00f3 egy vagy t\u00f6bb t\u00e9nyez\u0151 alapj\u00e1n azonos\u00edthat\u00f3;<\/p>\n<p style=\"text-align: justify;\">\u2013 harmadik f\u00e9l: az a term\u00e9szetes vagy jogi szem\u00e9ly, k\u00f6zhatalmi szerv, \u00fcgyn\u00f6ks\u00e9g vagy b\u00e1rmely egy\u00e9b szerv, amely nem azonos az \u00e9rintettel, az adatkezel\u0151vel, az adatfeldolgoz\u00f3val vagy azokkal a szem\u00e9lyekkel, akik az adatkezel\u0151 vagy adatfeldolgoz\u00f3 k\u00f6zvetlen ir\u00e1ny\u00edt\u00e1sa alatt a szem\u00e9lyes adatok kezel\u00e9s\u00e9re felhatalmaz\u00e1st kaptak;<\/p>\n<p style=\"text-align: justify;\">\u2013 az \u00e9rintett hozz\u00e1j\u00e1rul\u00e1sa: az \u00e9rintett akarat\u00e1nak \u00f6nk\u00e9ntes, konkr\u00e9t \u00e9s megfelel\u0151 t\u00e1j\u00e9koztat\u00e1son alapul\u00f3 \u00e9s egy\u00e9rtelm\u0171 kinyilv\u00e1n\u00edt\u00e1sa, amellyel az \u00e9rintett nyilatkozat vagy a meger\u0151s\u00edt\u00e9st f\u00e9lre\u00e9rthetetlen\u00fcl kifejez\u0151 cselekedet \u00fatj\u00e1n jelzi, hogy beleegyez\u00e9s\u00e9t adja az \u0151t \u00e9rint\u0151 szem\u00e9lyes adatok kezel\u00e9s\u00e9hez;<\/p>\n<p style=\"text-align: justify;\">\u2013 az adatkezel\u00e9s korl\u00e1toz\u00e1sa: a t\u00e1rolt szem\u00e9lyes adatok megjel\u00f6l\u00e9se j\u00f6v\u0151beli kezel\u00e9s\u00fck korl\u00e1toz\u00e1sa c\u00e9lj\u00e1b\u00f3l;<\/p>\n<p style=\"text-align: justify;\">\u2013 \u00e1lneves\u00edt\u00e9s: a szem\u00e9lyes adatok olyan m\u00f3don t\u00f6rt\u00e9n\u0151 kezel\u00e9se, amelynek k\u00f6vetkezt\u00e9ben tov\u00e1bbi inform\u00e1ci\u00f3k felhaszn\u00e1l\u00e1sa n\u00e9lk\u00fcl t\u00f6bb\u00e9 m\u00e1r nem \u00e1llap\u00edthat\u00f3 meg, hogy a szem\u00e9lyes adat mely konkr\u00e9t term\u00e9szetes szem\u00e9lyre vonatkozik, felt\u00e9ve hogy az ilyen tov\u00e1bbi inform\u00e1ci\u00f3t k\u00fcl\u00f6n t\u00e1rolj\u00e1k, \u00e9s technikai \u00e9s szervez\u00e9si int\u00e9zked\u00e9sek megt\u00e9tel\u00e9vel biztos\u00edtott, hogy azonos\u00edtott vagy azonos\u00edthat\u00f3 term\u00e9szetes szem\u00e9lyekhez ezt a szem\u00e9lyes adatot nem lehet kapcsolni;<\/p>\n<p style=\"text-align: justify;\">\u2013 nyilv\u00e1ntart\u00e1si rendszer: a szem\u00e9lyes adatok b\u00e1rmely m\u00f3don \u2013 centraliz\u00e1lt, decentraliz\u00e1lt vagy funkcion\u00e1lis vagy f\u00f6ldrajzi szempontok szerint \u2013 tagolt \u00e1llom\u00e1nya, amely meghat\u00e1rozott ism\u00e9rvek alapj\u00e1n hozz\u00e1f\u00e9rhet\u0151;<\/p>\n<p style=\"text-align: justify;\">\u2013 adatv\u00e9delmi incidens: a biztons\u00e1g olyan s\u00e9r\u00fcl\u00e9se, amely a tov\u00e1bb\u00edtott, t\u00e1rolt vagy m\u00e1s m\u00f3don kezelt szem\u00e9lyes adatok v\u00e9letlen vagy jogellenes megsemmis\u00edt\u00e9s\u00e9t, elveszt\u00e9s\u00e9t, megv\u00e1ltoztat\u00e1s\u00e1t, jogosulatlan k\u00f6zl\u00e9s\u00e9t vagy az azokhoz val\u00f3 jogosulatlan hozz\u00e1f\u00e9r\u00e9st eredm\u00e9nyezi;<\/p>\n<p style=\"text-align: justify;\"><strong>Az adatkezel\u00e9s ir\u00e1nyelvei<\/strong><\/p>\n<p style=\"text-align: justify;\">A szem\u00e9lyes adatok kezel\u00e9s\u00e9t jogszer\u0171en \u00e9s tisztess\u00e9gesen, valamint az \u00e9rintett sz\u00e1m\u00e1ra \u00e1tl\u00e1that\u00f3 m\u00f3don kell v\u00e9gezni.<\/p>\n<p style=\"text-align: justify;\">A szem\u00e9lyes adatok gy\u0171jt\u00e9se csak meghat\u00e1rozott, egy\u00e9rtelm\u0171 \u00e9s jogszer\u0171 c\u00e9lb\u00f3l t\u00f6rt\u00e9nhet.<\/p>\n<p style=\"text-align: justify;\">A szem\u00e9lyes adatok kezel\u00e9s\u00e9nek c\u00e9lja megfelel\u0151 \u00e9s relev\u00e1ns legyen, \u00e9s csak a sz\u00fcks\u00e9ges m\u00e9rt\u00e9k\u0171 lehet.<\/p>\n<p style=\"text-align: justify;\">A szem\u00e9lyes adatoknak pontosnak \u00e9s naprak\u00e9sznek kell lenni\u00fck. A pontatlan szem\u00e9lyes adatokat halad\u00e9ktalanul t\u00f6r\u00f6lni kell.<\/p>\n<p style=\"text-align: justify;\">A szem\u00e9lyes adatok t\u00e1rol\u00e1s\u00e1nak olyan form\u00e1ban kell t\u00f6rt\u00e9nnie, hogy az \u00e9rintettek azonos\u00edt\u00e1s\u00e1t csak sz\u00fcks\u00e9ges ideig tegye lehet\u0151v\u00e9. A szem\u00e9lyes adatok enn\u00e9l hosszabb ideig t\u00f6rt\u00e9n\u0151 t\u00e1rol\u00e1s\u00e1ra csak akkor ker\u00fclhet sor, ha a t\u00e1rol\u00e1s k\u00f6z\u00e9rdek\u0171 archiv\u00e1l\u00e1s c\u00e9lj\u00e1b\u00f3l, tudom\u00e1nyos \u00e9s t\u00f6rt\u00e9nelmi kutat\u00e1si c\u00e9lb\u00f3l vagy statisztikai c\u00e9lb\u00f3l t\u00f6rt\u00e9nik.<\/p>\n<p style=\"text-align: justify;\">A szem\u00e9lyes adatok kezel\u00e9s\u00e9t oly m\u00f3don kell v\u00e9gezni, hogy megfelel\u0151 technikai vagy szervez\u00e9si int\u00e9zked\u00e9sek alkalmaz\u00e1s\u00e1val biztos\u00edtva legyen a szem\u00e9lyes adatok megfelel\u0151 biztons\u00e1ga, az adatok jogosulatlan vagy jogellenes kezel\u00e9s\u00e9vel, v\u00e9letlen elveszt\u00e9s\u00e9vel, megsemmis\u00edt\u00e9s\u00e9vel vagy k\u00e1rosod\u00e1s\u00e1val szembeni v\u00e9delmet is ide\u00e9rtve.<\/p>\n<p style=\"text-align: justify;\">Az adatv\u00e9delem elveit minden azonos\u00edtott vagy azonos\u00edthat\u00f3 term\u00e9szetes szem\u00e9lyre vonatkoz\u00f3 inform\u00e1ci\u00f3 eset\u00e9ben alkalmazni kell.<\/p>\n<p style=\"text-align: justify;\">A szervezet adatkezel\u00e9st v\u00e9gz\u0151 alkalmazottja fegyelmi, k\u00e1rt\u00e9r\u00edt\u00e9si, szab\u00e1lys\u00e9rt\u00e9si \u00e9s b\u00fcntet\u0151jogi felel\u0151ss\u00e9ggel tartozik a szem\u00e9lyes adatok jogszer\u0171 kezel\u00e9s\u00e9\u00e9rt. Amennyiben az alkalmazott tudom\u00e1st szerez arr\u00f3l, hogy az \u00e1ltala kezelt szem\u00e9lyes adat hib\u00e1s, hi\u00e1nyos, vagy id\u0151szer\u0171tlen, k\u00f6teles azt helyesb\u00edteni, vagy helyesb\u00edt\u00e9s\u00e9t az adat r\u00f6gz\u00edt\u00e9s\u00e9\u00e9rt felel\u0151s munkat\u00e1rsn\u00e1l kezdem\u00e9nyezni.<\/p>\n<p style=\"text-align: justify;\"><strong>Szem\u00e9lyes adatok kezel\u00e9se<\/strong><\/p>\n<p style=\"text-align: justify;\">Mivel a term\u00e9szetes szem\u00e9lyek \u00f6sszef\u00fcgg\u00e9sbe hozhat\u00f3k az \u00e1ltaluk haszn\u00e1lt k\u00e9sz\u00fcl\u00e9kek, alkalmaz\u00e1sok, eszk\u00f6z\u00f6k \u00e9s protokollok \u00e1ltal rendelkez\u00e9sre bocs\u00e1tott online azonos\u00edt\u00f3kkal, p\u00e9ld\u00e1ul IP-c\u00edmekkel \u00e9s cookie-azonos\u00edt\u00f3kkal, ez\u00e9rt ezek az adatok egy\u00e9b inform\u00e1ci\u00f3kkal \u00f6sszekapcsolva alkalmasak \u00e9s felhaszn\u00e1lhat\u00f3k a term\u00e9szetes szem\u00e9lyek profilj\u00e1nak l\u00e9trehoz\u00e1s\u00e1ra \u00e9s az adott szem\u00e9ly azonos\u00edt\u00e1s\u00e1ra.<\/p>\n<p style=\"text-align: justify;\">Az adatkezel\u00e9sre csak akkor ker\u00fclhet sor, ha az \u00e9rintett szem\u00e9ly egy\u00e9rtelm\u0171 meger\u0151s\u00edt\u0151 cselekedettel, p\u00e9ld\u00e1ul \u00edr\u00e1sbeli \u2013 ide\u00e9rtve az elektronikus \u00faton tett \u2013 vagy sz\u00f3beli nyilatkozattal \u00f6nk\u00e9ntes, konkr\u00e9t, t\u00e1j\u00e9koztat\u00e1son alapul\u00f3 \u00e9s egy\u00e9rtelm\u0171 hozz\u00e1j\u00e1rul\u00e1s\u00e1t adja az adatok kezel\u00e9s\u00e9hez.<\/p>\n<p style=\"text-align: justify;\">Az adatkezel\u00e9shez val\u00f3 hozz\u00e1j\u00e1rul\u00e1snak min\u0151s\u00fcl az is, ha az \u00e9rintett szem\u00e9ly az internetes honlap megtekint\u00e9se sor\u00e1n bejel\u00f6l egy erre vonatkoz\u00f3 n\u00e9gyzetet. A hallgat\u00e1s, az el\u0151re bejel\u00f6lt n\u00e9gyzet vagy a nem cselekv\u00e9s nem min\u0151s\u00fcl hozz\u00e1j\u00e1rul\u00e1snak.<\/p>\n<p style=\"text-align: justify;\">Hozz\u00e1j\u00e1rul\u00e1snak min\u0151s\u00fcl az is, ha valamely felhaszn\u00e1l\u00f3 az elektronikus szolg\u00e1ltat\u00e1sok ig\u00e9nybev\u00e9tele sor\u00e1n erre vonatkoz\u00f3 technikai be\u00e1ll\u00edt\u00e1sokat hajt v\u00e9gre, vagy olyan nyilatkozatot illetve cselekedet tesz, amely az adott \u00f6sszef\u00fcgg\u00e9sben az \u00e9rintett szem\u00e9ly hozz\u00e1j\u00e1rul\u00e1s\u00e1t szem\u00e9lyes adatainak kezel\u00e9s\u00e9hez egy\u00e9rtelm\u0171en jelzi.<\/p>\n<p style=\"text-align: justify;\">Az eg\u00e9szs\u00e9g\u00fcgyi szem\u00e9lyes adatok k\u00f6z\u00e9 tartoznak az \u00e9rintett eg\u00e9szs\u00e9gi \u00e1llapot\u00e1ra vonatkoz\u00f3 olyan adatok, amelyek inform\u00e1ci\u00f3t hordoznak az \u00e9rintett m\u00faltbeli, jelenlegi vagy j\u00f6v\u0151beli testi vagy pszichikai eg\u00e9szs\u00e9gi \u00e1llapot\u00e1r\u00f3l. Ide tartoznak az al\u00e1bbiak:<\/p>\n<p style=\"text-align: justify;\">\u2013 eg\u00e9szs\u00e9g\u00fcgyi szolg\u00e1ltat\u00e1sok c\u00e9lj\u00e1b\u00f3l t\u00f6rt\u00e9n\u0151 nyilv\u00e1ntart\u00e1sba v\u00e9tel;<\/p>\n<p style=\"text-align: justify;\">\u2013 a term\u00e9szetes szem\u00e9ly eg\u00e9szs\u00e9g\u00fcgyi c\u00e9lokb\u00f3l t\u00f6rt\u00e9n\u0151 egy\u00e9ni azonos\u00edt\u00e1sa \u00e9rdek\u00e9ben hozz\u00e1 rendelt sz\u00e1m, jel vagy adat;<\/p>\n<p style=\"text-align: justify;\">\u2013 valamely testr\u00e9sz vagy a testet alkot\u00f3 anyag \u2013 bele\u00e9rtve a genetikai adatokat \u00e9s a biol\u00f3giai mint\u00e1kat is \u2013 tesztel\u00e9s\u00e9b\u0151l vagy vizsg\u00e1lat\u00e1b\u00f3l sz\u00e1rmaz\u00f3 inform\u00e1ci\u00f3k;<\/p>\n<p style=\"text-align: justify;\">\u2013 az \u00e9rintett betegs\u00e9g\u00e9vel, fogyat\u00e9koss\u00e1g\u00e1val, betegs\u00e9gkock\u00e1zat\u00e1val, k\u00f3rt\u00f6rt\u00e9net\u00e9vel, klinikai kezel\u00e9s\u00e9vel vagy fiziol\u00f3giai vagy orvosbiol\u00f3giai \u00e1llapot\u00e1val kapcsolatos inform\u00e1ci\u00f3, f\u00fcggetlen\u00fcl annak forr\u00e1s\u00e1t\u00f3l, amely lehet p\u00e9ld\u00e1ul orvos vagy egy\u00e9b eg\u00e9szs\u00e9g\u00fcgyi dolgoz\u00f3, k\u00f3rh\u00e1z, orvostechnikai eszk\u00f6z vagy diagnosztikai teszt.<\/p>\n<p style=\"text-align: justify;\">A genetikai adatot olyan, a term\u00e9szetes szem\u00e9ly \u00f6r\u00f6k\u00f6lt vagy szerzett genetikai jellemz\u0151ivel \u00f6sszef\u00fcgg\u0151 szem\u00e9lyes adatk\u00e9nt kell meghat\u00e1rozni, \u00e9s amely az \u00e9rintett szem\u00e9lyt\u0151l vett biol\u00f3giai minta elemz\u00e9s\u00e9nek \u2013 k\u00fcl\u00f6n\u00f6sen kromosz\u00f3maelemz\u00e9snek, illetve a dezoxiribonukleinsav (DNS) vagy a ribonukleinsav (RNS) vizsg\u00e1lat\u00e1nak, vagy az ezekb\u0151l nyerhet\u0151 inform\u00e1ci\u00f3kkal megegyez\u0151 inform\u00e1ci\u00f3k kinyer\u00e9s\u00e9t lehet\u0151v\u00e9 tev\u0151 b\u00e1rmilyen m\u00e1s elem vizsg\u00e1lat\u00e1nak \u2013 az eredm\u00e9nye.<\/p>\n<p style=\"text-align: justify;\">A gyermekek szem\u00e9lyes adatai k\u00fcl\u00f6n\u00f6s v\u00e9delmet \u00e9rdemelnek, mivel \u0151k kev\u00e9sb\u00e9 lehetnek tiszt\u00e1ban a szem\u00e9lyes adatok kezel\u00e9s\u00e9vel \u00f6sszef\u00fcgg\u0151 kock\u00e1zatokkal, k\u00f6vetkezm\u00e9nyeivel \u00e9s az ahhoz kapcsol\u00f3d\u00f3 garanci\u00e1kkal \u00e9s jogosults\u00e1gokkal. Ezt a k\u00fcl\u00f6n\u00f6s v\u00e9delmet f\u0151k\u00e9nt a gyermekek szem\u00e9lyes adatainak olyan felhaszn\u00e1l\u00e1s\u00e1ra kell alkalmazni, amely marketingc\u00e9lokat, illetve szem\u00e9lyi vagy felhaszn\u00e1l\u00f3i profilok l\u00e9trehoz\u00e1s\u00e1nak c\u00e9lj\u00e1t szolg\u00e1lja.<\/p>\n<p style=\"text-align: justify;\">A szem\u00e9lyes adatokat olyan m\u00f3don kell kezelni, amely biztos\u00edtja azok megfelel\u0151 szint\u0171 biztons\u00e1g\u00e1t \u00e9s bizalmas kezel\u00e9s\u00e9t, t\u00f6bbek k\u00f6z\u00f6tt annak \u00e9rdek\u00e9ben, hogy megakad\u00e1lyozza a szem\u00e9lyes adatokhoz \u00e9s a szem\u00e9lyes adatok kezel\u00e9s\u00e9hez haszn\u00e1lt eszk\u00f6z\u00f6kh\u00f6z val\u00f3 jogosulatlan hozz\u00e1f\u00e9r\u00e9st, illetve azok jogosulatlan felhaszn\u00e1l\u00e1s\u00e1t.<\/p>\n<p style=\"text-align: justify;\">A pontatlan szem\u00e9lyes adatok helyesb\u00edt\u00e9se vagy t\u00f6rl\u00e9se \u00e9rdek\u00e9ben minden \u00e9sszer\u0171 l\u00e9p\u00e9st meg kell tenni.<\/p>\n<p style=\"text-align: justify;\"><strong>Az adatkezel\u00e9s jogszer\u0171s\u00e9ge<\/strong><\/p>\n<p style=\"text-align: justify;\">A szem\u00e9lyes adatok kezel\u00e9se akkor jogszer\u0171, ha az al\u00e1bbiak valamelyike teljes\u00fcl:<\/p>\n<ul style=\"text-align: justify;\">\n<li>az \u00e9rintett hozz\u00e1j\u00e1rul\u00e1s\u00e1t adta szem\u00e9lyes adatainak egy vagy t\u00f6bb konkr\u00e9t c\u00e9lb\u00f3l t\u00f6rt\u00e9n\u0151 kezel\u00e9s\u00e9hez;<\/li>\n<li>az adatkezel\u00e9s olyan szerz\u0151d\u00e9s teljes\u00edt\u00e9s\u00e9hez sz\u00fcks\u00e9ges, amelyben az \u00e9rintett az egyik f\u00e9l, vagy az a szerz\u0151d\u00e9s megk\u00f6t\u00e9s\u00e9t megel\u0151z\u0151en az \u00e9rintett k\u00e9r\u00e9s\u00e9re t\u00f6rt\u00e9n\u0151 l\u00e9p\u00e9sek megt\u00e9tel\u00e9hez sz\u00fcks\u00e9ges;<\/li>\n<li>az adatkezel\u00e9s az adatkezel\u0151re vonatkoz\u00f3 jogi k\u00f6telezetts\u00e9g teljes\u00edt\u00e9s\u00e9hez sz\u00fcks\u00e9ges;<\/li>\n<li>az adatkezel\u00e9s az \u00e9rintett vagy egy m\u00e1sik term\u00e9szetes szem\u00e9ly l\u00e9tfontoss\u00e1g\u00fa \u00e9rdekeinek v\u00e9delme miatt sz\u00fcks\u00e9ges;<\/li>\n<li>az adatkezel\u00e9s k\u00f6z\u00e9rdek\u0171 vagy az adatkezel\u0151re ruh\u00e1zott k\u00f6zhatalmi jogos\u00edtv\u00e1ny gyakorl\u00e1s\u00e1nak keret\u00e9ben v\u00e9gzett feladat v\u00e9grehajt\u00e1s\u00e1hoz sz\u00fcks\u00e9ges;<\/li>\n<li>az adatkezel\u00e9s az adatkezel\u0151 vagy egy harmadik f\u00e9l jogos \u00e9rdekeinek \u00e9rv\u00e9nyes\u00edt\u00e9s\u00e9hez sz\u00fcks\u00e9ges, kiv\u00e9ve, ha ezen \u00e9rdekekkel szemben els\u0151bbs\u00e9get \u00e9lveznek az \u00e9rintett olyan \u00e9rdekei vagy alapvet\u0151 jogai \u00e9s szabads\u00e1gai, amelyek szem\u00e9lyes adatok v\u00e9delm\u00e9t teszik sz\u00fcks\u00e9gess\u00e9, k\u00fcl\u00f6n\u00f6sen, ha az \u00e9rintett gyermek.<\/li>\n<\/ul>\n<p style=\"text-align: justify;\">A fentiek \u00e9rtelm\u00e9ben az adatkezel\u00e9s jogszer\u0171nek min\u0151s\u00fcl, ha arra valamely szerz\u0151d\u00e9s vagy szerz\u0151d\u00e9sk\u00f6t\u00e9si sz\u00e1nd\u00e9k keret\u00e9ben van sz\u00fcks\u00e9g.<\/p>\n<p style=\"text-align: justify;\">Ha az adatkezel\u00e9sre az adatkezel\u0151re vonatkoz\u00f3 jogi k\u00f6telezetts\u00e9g teljes\u00edt\u00e9se keret\u00e9ben ker\u00fcl sor, vagy ha az k\u00f6z\u00e9rdek\u0171 feladat v\u00e9grehajt\u00e1s\u00e1hoz, illetve k\u00f6zhatalmi jogos\u00edtv\u00e1ny gyakorl\u00e1s\u00e1hoz sz\u00fcks\u00e9ges, az adatkezel\u00e9snek az uni\u00f3s jogban vagy valamely tag\u00e1llam jog\u00e1ban foglalt jogalappal kell rendelkeznie.<\/p>\n<p style=\"text-align: justify;\">Az adatkezel\u00e9st jogszer\u0171nek kell tekinteni akkor, amikor az az \u00e9rintett \u00e9let\u00e9nek vagy m\u00e1s fent eml\u00edtett term\u00e9szetes szem\u00e9ly \u00e9rdekeinek v\u00e9delm\u00e9ben t\u00f6rt\u00e9nik. M\u00e1s term\u00e9szetes szem\u00e9ly l\u00e9tfontoss\u00e1g\u00fa \u00e9rdekeire hivatkoz\u00e1ssal szem\u00e9lyes adatkezel\u00e9sre elvben csak akkor ker\u00fclhet sor, ha a sz\u00f3ban forg\u00f3 adatkezel\u00e9s egy\u00e9b jogalapon nem v\u00e9gezhet\u0151.<\/p>\n<p style=\"text-align: justify;\">A szem\u00e9lyes adatkezel\u00e9s n\u00e9h\u00e1ny t\u00edpusa szolg\u00e1lhat egyszerre fontos k\u00f6z\u00e9rdeket \u00e9s az \u00e9rintett l\u00e9tfontoss\u00e1g\u00fa \u00e9rdekeit is, p\u00e9ld\u00e1ul olyan esetben, amikor az adatkezel\u00e9sre humanit\u00e1rius okokb\u00f3l, ide\u00e9rtve, ha arra a j\u00e1rv\u00e1nyok \u00e9s terjed\u00e9seik nyomon k\u00f6vet\u00e9s\u00e9hez, vagy humanit\u00e1rius v\u00e9szhelyzetben, k\u00fcl\u00f6n\u00f6sen term\u00e9szeti vagy ember \u00e1ltal okozott katasztr\u00f3f\u00e1k eset\u00e9ben van sz\u00fcks\u00e9g.<\/p>\n<p style=\"text-align: justify;\">Az adatkezel\u0151 \u2013 ide\u00e9rtve azt az adatkezel\u0151t is, akivel a szem\u00e9lyes adatokat k\u00f6z\u00f6lhetik \u2013 vagy valamely harmadik f\u00e9l jogos \u00e9rdeke jogalapot teremthet az adatkezel\u00e9sre. Az ilyen jogos \u00e9rdekr\u0151l lehet sz\u00f3 p\u00e9ld\u00e1ul olyankor, amikor relev\u00e1ns \u00e9s megfelel\u0151 kapcsolat \u00e1ll fenn az \u00e9rintett \u00e9s az adatkezel\u0151 k\u00f6z\u00f6tt, p\u00e9ld\u00e1ul olyan esetekben, amikor az \u00e9rintett az adatkezel\u0151 \u00fcgyfele vagy annak alkalmaz\u00e1s\u00e1ban \u00e1ll.<\/p>\n<p style=\"text-align: justify;\">Szem\u00e9lyes adatoknak a csal\u00e1sok megel\u0151z\u00e9se c\u00e9lj\u00e1b\u00f3l felt\u00e9tlen\u00fcl sz\u00fcks\u00e9ges kezel\u00e9se szint\u00e9n az \u00e9rintett adatkezel\u0151 jogos \u00e9rdek\u00e9nek min\u0151s\u00fcl. Szem\u00e9lyes adatok k\u00f6zvetlen \u00fczletszerz\u00e9si c\u00e9l\u00fa kezel\u00e9se szint\u00e9n jogos \u00e9rdeken alapul\u00f3nak tekinthet\u0151.<\/p>\n<p style=\"text-align: justify;\">A jogos \u00e9rdek fenn\u00e1ll\u00e1s\u00e1nak meg\u00e1llap\u00edt\u00e1s\u00e1hoz mindenk\u00e9ppen k\u00f6r\u00fcltekint\u0151en meg kell vizsg\u00e1lni t\u00f6bbek k\u00f6z\u00f6tt azt, hogy az \u00e9rintett a szem\u00e9lyes adatok gy\u0171jt\u00e9s\u00e9nek id\u0151pontj\u00e1ban \u00e9s azzal \u00f6sszef\u00fcgg\u00e9sben sz\u00e1m\u00edthat-e \u00e9sszer\u0171en arra, hogy adatkezel\u00e9sre az adott c\u00e9lb\u00f3l ker\u00fclhet sor. Az \u00e9rintett \u00e9rdekei \u00e9s alapvet\u0151 jogai els\u0151bbs\u00e9get \u00e9lvezhetnek az adatkezel\u0151 \u00e9rdek\u00e9vel szemben, ha a szem\u00e9lyes adatokat olyan k\u00f6r\u00fclm\u00e9nyek k\u00f6z\u00f6tt kezelik, amelyek k\u00f6zepette az \u00e9rintettek nem sz\u00e1m\u00edtanak tov\u00e1bbi adatkezel\u00e9sre.<\/p>\n<p style=\"text-align: justify;\">Az \u00e9rintett adatkezel\u0151 jogos \u00e9rdek\u00e9nek min\u0151s\u00fcl a k\u00f6zhatalmi szervek, sz\u00e1m\u00edt\u00e1stechnikai v\u00e9szhelyzetekre reag\u00e1l\u00f3 egys\u00e9g, h\u00e1l\u00f3zatbiztons\u00e1gi incidenskezel\u0151 egys\u00e9gek, elektronikus h\u00edrk\u00f6zl\u00e9si h\u00e1l\u00f3zatok \u00fczemeltet\u0151i \u00e9s szolg\u00e1ltat\u00e1sok ny\u00fajt\u00f3i, valamint biztons\u00e1gtechnol\u00f3giai szolg\u00e1ltat\u00f3k \u00e1ltal v\u00e9grehajtott olyan m\u00e9rt\u00e9k\u0171 szem\u00e9lyes adatkezel\u00e9s, amely a h\u00e1l\u00f3zati \u00e9s informatikai biztons\u00e1g garant\u00e1l\u00e1s\u00e1hoz felt\u00e9tlen\u00fcl sz\u00fcks\u00e9ges \u00e9s ar\u00e1nyos.<\/p>\n<p style=\"text-align: justify;\">A szem\u00e9lyes adatoknak a gy\u0171jt\u00e9s\u00fck eredeti c\u00e9lj\u00e1t\u00f3l elt\u00e9r\u0151 egy\u00e9b c\u00e9lb\u00f3l t\u00f6rt\u00e9n\u0151 kezel\u00e9se csak akkor megengedett, ha az adatkezel\u00e9s \u00f6sszeegyeztethet\u0151 az adatkezel\u00e9s eredeti c\u00e9ljaival, amelyekre a szem\u00e9lyes adatokat eredetileg gy\u0171jt\u00f6tt\u00e9k. Ebben az esetben nincs sz\u00fcks\u00e9g att\u00f3l a jogalapt\u00f3l elt\u00e9r\u0151, k\u00fcl\u00f6n jogalapra, mint amely lehet\u0151v\u00e9 tette a szem\u00e9lyes adatok gy\u0171jt\u00e9s\u00e9t.<\/p>\n<p style=\"text-align: justify;\">A szem\u00e9lyes adatok hat\u00f3s\u00e1gok \u00e1ltali, hivatalosan elismert vall\u00e1si szervezetek alkotm\u00e1nyjogban vagy nemzetk\u00f6zi k\u00f6zjogban meg\u00e1llap\u00edtott c\u00e9ljainak el\u00e9r\u00e9se \u00e9rdek\u00e9ben t\u00f6rt\u00e9n\u0151 kezel\u00e9se k\u00f6z\u00e9rdeken alapul\u00f3nak min\u0151s\u00fcl.<\/p>\n<p style=\"text-align: justify;\"><strong>Az \u00e9rintett szem\u00e9ly hozz\u00e1j\u00e1rul\u00e1sa, felt\u00e9telek<\/strong><\/p>\n<ul style=\"text-align: justify;\">\n<li>Amennyiben az adatkezel\u00e9s hozz\u00e1j\u00e1rul\u00e1son alapul, az adatkezel\u0151nek k\u00e9pesnek kell lennie annak igazol\u00e1s\u00e1ra, hogy az \u00e9rintett szem\u00e9lyes adatainak kezel\u00e9s\u00e9hez hozz\u00e1j\u00e1rult.<\/li>\n<li>Ha az \u00e9rintett a hozz\u00e1j\u00e1rul\u00e1s\u00e1t olyan \u00edr\u00e1sbeli nyilatkozat keret\u00e9ben adja meg, amely m\u00e1s \u00fcgyekre is vonatkozik, a hozz\u00e1j\u00e1rul\u00e1s ir\u00e1nti k\u00e9relmet ezekt\u0151l a m\u00e1s \u00fcgyekt\u0151l egy\u00e9rtelm\u0171en megk\u00fcl\u00f6nb\u00f6ztethet\u0151 m\u00f3don kell k\u00f6z\u00f6lni.<\/li>\n<li>Az \u00e9rintett jogosult arra, hogy hozz\u00e1j\u00e1rul\u00e1s\u00e1t b\u00e1rmikor visszavonja. A hozz\u00e1j\u00e1rul\u00e1s visszavon\u00e1sa nem \u00e9rinti a hozz\u00e1j\u00e1rul\u00e1son alapul\u00f3, a visszavon\u00e1s el\u0151tti adatkezel\u00e9s jogszer\u0171s\u00e9g\u00e9t. A hozz\u00e1j\u00e1rul\u00e1s megad\u00e1sa el\u0151tt az \u00e9rintettet err\u0151l t\u00e1j\u00e9koztatni kell. A hozz\u00e1j\u00e1rul\u00e1s visszavon\u00e1s\u00e1t ugyanolyan egyszer\u0171 m\u00f3don kell lehet\u0151v\u00e9 tenni, mint annak megad\u00e1s\u00e1t.<\/li>\n<li>Annak meg\u00e1llap\u00edt\u00e1sa sor\u00e1n, hogy a hozz\u00e1j\u00e1rul\u00e1s \u00f6nk\u00e9ntes-e, a lehet\u0151 legnagyobb m\u00e9rt\u00e9kben figyelembe kell venni azt a t\u00e9nyt, egyebek mellett, hogy a szerz\u0151d\u00e9s teljes\u00edt\u00e9s\u00e9nek \u2013 bele\u00e9rtve a szolg\u00e1ltat\u00e1sok ny\u00fajt\u00e1s\u00e1t is \u2013 felt\u00e9tel\u00e9\u00fcl szabt\u00e1k-e az olyan szem\u00e9lyes adatok kezel\u00e9s\u00e9hez val\u00f3 hozz\u00e1j\u00e1rul\u00e1st, amelyek nem sz\u00fcks\u00e9gesek a szerz\u0151d\u00e9s teljes\u00edt\u00e9s\u00e9hez.<\/li>\n<li>K\u00f6zvetlen\u00fcl gyermekeknek k\u00edn\u00e1lt, inform\u00e1ci\u00f3s t\u00e1rsadalommal \u00f6sszef\u00fcgg\u0151 szolg\u00e1ltat\u00e1sok vonatkoz\u00e1s\u00e1ban v\u00e9gzett szem\u00e9lyes adatok kezel\u00e9se akkor jogszer\u0171, ha a gyermek a 16. \u00e9let\u00e9v\u00e9t bet\u00f6lt\u00f6tte. A 16. \u00e9let\u00e9v\u00e9t be nem t\u00f6lt\u00f6tt gyermek eset\u00e9n, a gyermekek szem\u00e9lyes adatainak kezel\u00e9se csak akkor \u00e9s olyan m\u00e9rt\u00e9kben jogszer\u0171, ha a hozz\u00e1j\u00e1rul\u00e1st a gyermek feletti sz\u00fcl\u0151i fel\u00fcgyeletet gyakorl\u00f3 adta meg, illetve enged\u00e9lyezte.<\/li>\n<\/ul>\n<p style=\"text-align: justify;\">A faji vagy etnikai sz\u00e1rmaz\u00e1sra, politikai v\u00e9lem\u00e9nyre, vall\u00e1si vagy vil\u00e1gn\u00e9zeti meggy\u0151z\u0151d\u00e9sre vagy szakszervezeti tags\u00e1gra utal\u00f3 szem\u00e9lyes adatok, valamint a term\u00e9szetes szem\u00e9lyek egyedi azonos\u00edt\u00e1s\u00e1t c\u00e9lz\u00f3 genetikai \u00e9s biometrikus adatok, az eg\u00e9szs\u00e9g\u00fcgyi adatok \u00e9s a term\u00e9szetes szem\u00e9lyek szexu\u00e1lis \u00e9let\u00e9re vagy szexu\u00e1lis ir\u00e1nyults\u00e1g\u00e1ra vonatkoz\u00f3 szem\u00e9lyes adatok kezel\u00e9se tilos, kiv\u00e9ve, ha az \u00e9rintett kifejezett hozz\u00e1j\u00e1rul\u00e1s\u00e1t adta az eml\u00edtett szem\u00e9lyes adatok egy vagy t\u00f6bb konkr\u00e9t c\u00e9lb\u00f3l t\u00f6rt\u00e9n\u0151 kezel\u00e9s\u00e9hez.<\/p>\n<p style=\"text-align: justify;\">A b\u00fcntet\u0151jogi felel\u0151ss\u00e9g meg\u00e1llap\u00edt\u00e1s\u00e1ra vonatkoz\u00f3 hat\u00e1rozatokra \u00e9s a b\u0171ncselekm\u00e9nyekre, illetve a kapcsol\u00f3d\u00f3 biztons\u00e1gi int\u00e9zked\u00e9sekre vonatkoz\u00f3 szem\u00e9lyes adatok kezel\u00e9s\u00e9re kiz\u00e1r\u00f3lag abban az esetben ker\u00fclhet sor, ha az k\u00f6zhatalmi szerv adatkezel\u00e9s\u00e9ben t\u00f6rt\u00e9nik.<\/p>\n<p style=\"text-align: justify;\"><strong>Azonos\u00edt\u00e1st nem ig\u00e9nyl\u0151 adatkezel\u00e9s<\/strong><\/p>\n<p style=\"text-align: justify;\">Ha azok a c\u00e9lok, amelyekb\u0151l az adatkezel\u0151 a szem\u00e9lyes adatokat kezeli, nem vagy m\u00e1r nem teszik sz\u00fcks\u00e9gess\u00e9 az \u00e9rintettnek az adatkezel\u0151 \u00e1ltali azonos\u00edt\u00e1s\u00e1t, az adatkezel\u0151 nem k\u00f6teles kieg\u00e9sz\u00edt\u0151 inform\u00e1ci\u00f3kat meg\u0151rizni.<\/p>\n<p style=\"text-align: justify;\">Ha az adatkezel\u0151 bizony\u00edtani tudja, hogy nincs abban a helyzetben, hogy azonos\u00edtsa az \u00e9rintettet, err\u0151l lehet\u0151s\u00e9g szerint \u0151t megfelel\u0151 m\u00f3don t\u00e1j\u00e9koztatja.<\/p>\n<p style=\"text-align: justify;\"><strong>Az \u00e9rintett szem\u00e9ly t\u00e1j\u00e9koztat\u00e1sa, jogai<\/strong><\/p>\n<p style=\"text-align: justify;\">A tisztess\u00e9ges \u00e9s \u00e1tl\u00e1that\u00f3 adatkezel\u00e9s elve megk\u00f6veteli, hogy az \u00e9rintett t\u00e1j\u00e9koztat\u00e1st kapjon az adatkezel\u00e9s t\u00e9ny\u00e9r\u0151l \u00e9s c\u00e9ljair\u00f3l.<\/p>\n<p style=\"text-align: justify;\">Ha a szem\u00e9lyes adatokat az \u00e9rintett\u0151l gy\u0171jtik, az \u00e9rintettet arr\u00f3l is t\u00e1j\u00e9koztatni kell, hogy k\u00f6teles-e a szem\u00e9lyes adatokat k\u00f6z\u00f6lni, valamint hogy az adatszolg\u00e1ltat\u00e1s elmarad\u00e1sa milyen k\u00f6vetkezm\u00e9nyekkel j\u00e1r. Ezeket az inform\u00e1ci\u00f3kat szabv\u00e1nyos\u00edtott ikonokkal is ki lehet eg\u00e9sz\u00edteni annak \u00e9rdek\u00e9ben, hogy az \u00e9rintett a tervezett adatkezel\u00e9sr\u0151l j\u00f3l l\u00e1that\u00f3, k\u00f6nnyen \u00e9rthet\u0151 \u00e9s j\u00f3l olvashat\u00f3 form\u00e1ban \u00e1ltal\u00e1nos t\u00e1j\u00e9koztat\u00e1st kapjon.<\/p>\n<p style=\"text-align: justify;\">Az \u00e9rintettre vonatkoz\u00f3 szem\u00e9lyes adatok kezel\u00e9s\u00e9vel \u00f6sszef\u00fcgg\u0151 t\u00e1j\u00e9koztat\u00e1st az adatgy\u0171jt\u00e9s id\u0151pontj\u00e1ban kell az \u00e9rintett r\u00e9sz\u00e9re megadni, illetve ha az adatokat nem az \u00e9rintett\u0151l, hanem m\u00e1s forr\u00e1sb\u00f3l gy\u0171jt\u00f6tt\u00e9k, az \u00fcgy k\u00f6r\u00fclm\u00e9nyeit figyelembe v\u00e9ve, \u00e9sszer\u0171 hat\u00e1rid\u0151n bel\u00fcl kell rendelkez\u00e9sre bocs\u00e1tani.<\/p>\n<p style=\"text-align: justify;\">Az \u00e9rintett jogosult, hogy hozz\u00e1f\u00e9rjen a r\u00e1 vonatkoz\u00f3an gy\u0171jt\u00f6tt adatokhoz, valamint arra, hogy egyszer\u0171en \u00e9s \u00e9sszer\u0171 id\u0151k\u00f6z\u00f6nk\u00e9nt, az adatkezel\u00e9s jogszer\u0171s\u00e9g\u00e9nek meg\u00e1llap\u00edt\u00e1sa \u00e9s ellen\u0151rz\u00e9se \u00e9rdek\u00e9ben gyakorolja e jog\u00e1t. Minden \u00e9rintett sz\u00e1m\u00e1ra biztos\u00edtani kell a jogot arra, hogy megismerje k\u00fcl\u00f6n\u00f6sen a szem\u00e9lyes adatok kezel\u00e9s\u00e9nek c\u00e9ljait, tov\u00e1bb\u00e1 ha lehets\u00e9ges, azt, hogy a szem\u00e9lyes adatok kezel\u00e9se milyen id\u0151tartamra vonatkozik,<\/p>\n<p style=\"text-align: justify;\">Az \u00e9rintett jogosult k\u00fcl\u00f6n\u00f6sen arra, hogy szem\u00e9lyes adatait t\u00f6r\u00f6lj\u00e9k \u00e9s a tov\u00e1bbiakban ne kezelj\u00e9k, ha a szem\u00e9lyes adatok gy\u0171jt\u00e9s\u00e9re vagy m\u00e1s m\u00f3don val\u00f3 kezel\u00e9s\u00e9re az adatkezel\u00e9s eredeti c\u00e9ljaival \u00f6sszef\u00fcgg\u00e9sben m\u00e1r nincs sz\u00fcks\u00e9g, vagy ha az \u00e9rintettek visszavont\u00e1k az adatok kezel\u00e9s\u00e9hez adott hozz\u00e1j\u00e1rul\u00e1sukat.<\/p>\n<p style=\"text-align: justify;\">Ha a szem\u00e9lyes adatok kezel\u00e9se k\u00f6zvetlen \u00fczletszerz\u00e9s \u00e9rdek\u00e9ben t\u00f6rt\u00e9nik, az \u00e9rintett sz\u00e1m\u00e1ra biztos\u00edtani kell a jogot arra, hogy b\u00e1rmikor d\u00edjmentesen tiltakozzon a r\u00e1 vonatkoz\u00f3 szem\u00e9lyes adatok e c\u00e9lb\u00f3l t\u00f6rt\u00e9n\u0151 kezel\u00e9se ellen.<\/p>\n<p style=\"text-align: justify;\"><strong>A szem\u00e9lyes adatok fel\u00fclvizsg\u00e1lata<\/strong><\/p>\n<p style=\"text-align: justify;\">Annak biztos\u00edt\u00e1sa \u00e9rdek\u00e9ben, hogy a szem\u00e9lyes adatok t\u00e1rol\u00e1sa a sz\u00fcks\u00e9ges id\u0151tartamra korl\u00e1toz\u00f3djon, az adatkezel\u0151 t\u00f6rl\u00e9si vagy rendszeres fel\u00fclvizsg\u00e1lati hat\u00e1rid\u0151ket \u00e1llap\u00edt meg.<\/p>\n<p style=\"text-align: justify;\">A szervezet vezet\u0151je \u00e1ltal meg\u00e1llap\u00edtott rendszeres fel\u00fclvizsg\u00e1lati hat\u00e1rid\u0151: 1 \u00e9v.<\/p>\n<p style=\"text-align: justify;\"><strong>Az adatkezel\u0151 feladatai<\/strong><\/p>\n<p style=\"text-align: justify;\">Az adatkezel\u0151 a jogszer\u0171 adatkezel\u00e9s \u00e9rdek\u00e9ben megfelel\u0151 bels\u0151 adatv\u00e9delmi szab\u00e1lyokat alkalmaz. Ez a szab\u00e1lyoz\u00e1s kiterjed az adatkezel\u0151 hat\u00e1sk\u00f6r\u00e9re \u00e9s felel\u0151ss\u00e9g\u00e9re.<\/p>\n<p style=\"text-align: justify;\">Az adatkezel\u0151 k\u00f6teless\u00e9ge, hogy megfelel\u0151 \u00e9s hat\u00e9kony int\u00e9zked\u00e9seket hajtson v\u00e9gre, valamint hogy k\u00e9pes legyen igazolni azt, hogy az adatkezel\u00e9si tev\u00e9kenys\u00e9gek a hat\u00e1lyos jogszab\u00e1lyoknak megfelelnek.<\/p>\n<p style=\"text-align: justify;\">Ezt a szab\u00e1lyoz\u00e1st az adatkezel\u00e9s jelleg\u00e9nek, hat\u00f3k\u00f6r\u00e9nek, k\u00f6r\u00fclm\u00e9nyeinek \u00e9s c\u00e9ljainak, valamint a term\u00e9szetes szem\u00e9lyek jogait \u00e9s szabads\u00e1gait \u00e9rint\u0151 kock\u00e1zatnak a figyelembev\u00e9tel\u00e9vel kell meghozni.<\/p>\n<p style=\"text-align: justify;\">Az adatkezel\u0151 az adatkezel\u00e9s jellege, hat\u00f3k\u00f6re, k\u00f6r\u00fclm\u00e9nyei \u00e9s c\u00e9ljai, valamint a term\u00e9szetes szem\u00e9lyek jogaira \u00e9s szabads\u00e1gaira jelentett, v\u00e1ltoz\u00f3 val\u00f3sz\u00edn\u0171s\u00e9g\u0171 \u00e9s s\u00falyoss\u00e1g\u00fa kock\u00e1zat figyelembev\u00e9tel\u00e9vel megfelel\u0151 technikai \u00e9s szervez\u00e9si int\u00e9zked\u00e9seket hajt v\u00e9gre. E szab\u00e1lyzat alapj\u00e1n az egy\u00e9b bels\u0151 szab\u00e1lyzatokat fel\u00fclvizsg\u00e1lja \u00e9s sz\u00fcks\u00e9g eset\u00e9n naprak\u00e9ssz\u00e9 teszi.<\/p>\n<p style=\"text-align: justify;\">Az adatkezel\u0151 vagy az adatfeldolgoz\u00f3 megfelel\u0151 nyilv\u00e1ntart\u00e1st vezet a hat\u00e1sk\u00f6re alapj\u00e1n v\u00e9gzett adatkezel\u00e9si tev\u00e9kenys\u00e9gekr\u0151l. Minden adatkezel\u0151 \u00e9s adatfeldolgoz\u00f3 k\u00f6teles a fel\u00fcgyeleti hat\u00f3s\u00e1ggal egy\u00fcttm\u0171k\u00f6dni \u00e9s ezeket a nyilv\u00e1ntart\u00e1sokat k\u00e9r\u00e9sre hozz\u00e1f\u00e9rhet\u0151v\u00e9 tenni az \u00e9rintett adatkezel\u00e9si m\u0171veletek ellen\u0151rz\u00e9se \u00e9rdek\u00e9ben.<\/p>\n<p style=\"text-align: justify;\"><strong>Az adatkezel\u00e9ssel kapcsolatos jogok<\/strong><\/p>\n<p style=\"text-align: justify;\"><strong>A t\u00e1j\u00e9koztat\u00e1s k\u00e9r\u00e9shez val\u00f3 jog<\/strong><\/p>\n<p style=\"text-align: justify;\">B\u00e1rmely szem\u00e9ly a megadott el\u00e9rhet\u0151s\u00e9geken kereszt\u00fcl t\u00e1j\u00e9koztat\u00e1st k\u00e9rhet arr\u00f3l, hogy a szervezet milyen adatait, milyen jogalapon, milyen adatkezel\u00e9si c\u00e9l miatt, milyen forr\u00e1sb\u00f3l, mennyi ideig kezeli. A k\u00e9relm\u00e9re halad\u00e9ktalanul, de legfeljebb 30 napon bel\u00fcl, a megadott el\u00e9rhet\u0151s\u00e9gre t\u00e1j\u00e9koztat\u00e1st kell k\u00fcldeni.<\/p>\n<p style=\"text-align: justify;\"><strong>A helyesb\u00edt\u00e9shez val\u00f3 jog<\/strong><\/p>\n<p style=\"text-align: justify;\">B\u00e1rmely szem\u00e9ly a megadott el\u00e9rhet\u0151s\u00e9geken kereszt\u00fcl k\u00e9rheti b\u00e1rmely adat\u00e1nak m\u00f3dos\u00edt\u00e1s\u00e1t. Err\u0151l k\u00e9relm\u00e9re halad\u00e9ktalanul, de legfeljebb 30 napon bel\u00fcl int\u00e9zkedni kell \u00e9s a megadott el\u00e9rhet\u0151s\u00e9gre t\u00e1j\u00e9koztat\u00e1st kell k\u00fcldeni.<\/p>\n<p style=\"text-align: justify;\"><strong>A t\u00f6rl\u00e9shez val\u00f3 jog<\/strong><\/p>\n<p style=\"text-align: justify;\">B\u00e1rmely szem\u00e9ly a megadott el\u00e9rhet\u0151s\u00e9geken kereszt\u00fcl k\u00e9rheti adat\u00e1nak t\u00f6rl\u00e9s\u00e9t. K\u00e9relm\u00e9re ezt halad\u00e9ktalanul, de legfeljebb 30 napon bel\u00fcl meg kell tenni \u00e9s a megadott el\u00e9rhet\u0151s\u00e9gre t\u00e1j\u00e9koztat\u00e1st kell k\u00fcldeni.<\/p>\n<p style=\"text-align: justify;\"><strong>A z\u00e1rol\u00e1shoz, korl\u00e1toz\u00e1shoz val\u00f3 jog<\/strong><\/p>\n<p style=\"text-align: justify;\">B\u00e1rmely szem\u00e9ly a megadott el\u00e9rhet\u0151s\u00e9geken kereszt\u00fcl k\u00e9rheti adat\u00e1nak z\u00e1rol\u00e1s\u00e1t. A z\u00e1rol\u00e1s addig tart, am\u00edg a megjel\u00f6lt indok sz\u00fcks\u00e9gess\u00e9 teszi az adatok t\u00e1rol\u00e1s\u00e1t. A k\u00e9relemre ezt halad\u00e9ktalanul, de legfeljebb 30 napon bel\u00fcl meg kell tenni \u00e9s a megadott el\u00e9rhet\u0151s\u00e9gre t\u00e1j\u00e9koztat\u00e1st kell k\u00fcldeni.<\/p>\n<p style=\"text-align: justify;\"><strong>A tiltakoz\u00e1shoz val\u00f3 jog<\/strong><\/p>\n<p style=\"text-align: justify;\">B\u00e1rmely szem\u00e9ly a megadott el\u00e9rhet\u0151s\u00e9geken kereszt\u00fcl tiltakozhat az adatkezel\u00e9s ellen. A tiltakoz\u00e1st a k\u00e9relem beny\u00fajt\u00e1s\u00e1t\u00f3l sz\u00e1m\u00edtott legr\u00f6videbb id\u0151n bel\u00fcl, de legfeljebb 15 napon bel\u00fcl meg kell vizsg\u00e1lni, annak megalapozotts\u00e1ga k\u00e9rd\u00e9s\u00e9ben d\u00f6nt\u00e9st kell hozni \u00e9s a d\u00f6nt\u00e9sr\u0151l a megadott el\u00e9rhet\u0151s\u00e9gre t\u00e1j\u00e9koztat\u00e1st kell k\u00fcldeni.<\/p>\n<p style=\"text-align: justify;\">Az adatkezel\u00e9ssel kapcsolatos jog\u00e9rv\u00e9nyes\u00edt\u00e9si lehet\u0151s\u00e9g<\/p>\n<p style=\"text-align: justify;\">Nemzeti Adatv\u00e9delmi \u00e9s Inform\u00e1ci\u00f3szabads\u00e1g Hat\u00f3s\u00e1g<\/p>\n<p style=\"text-align: justify;\">Postac\u00edm: 1530 Budapest, Pf.: 5.<\/p>\n<p style=\"text-align: justify;\">C\u00edm: 1125 Budapest, Szil\u00e1gyi Erzs\u00e9bet fasor 22\/c<\/p>\n<p style=\"text-align: justify;\">Telefon: +36 (1) 391-1400<\/p>\n<p style=\"text-align: justify;\">Fax: +36 (1) 391-1410<\/p>\n<p style=\"text-align: justify;\">E-mail: ugyfelszolgalat (kukac) naih.hu<\/p>\n<p style=\"text-align: justify;\">URL https:\/\/naih.hu<\/p>\n<p style=\"text-align: justify;\">Koordin\u00e1t\u00e1k: \u00c9 47\u00b030\u201956\u201d; K 18\u00b059\u201957\u201d<\/p>\n<p style=\"text-align: justify;\">Az \u00e9rintett a jogainak megs\u00e9rt\u00e9se eset\u00e9n az adat\u00e1tvev\u0151 az adatkezel\u0151 ellen b\u00edr\u00f3s\u00e1ghoz fordulhat. A b\u00edr\u00f3s\u00e1g az \u00fcgyben soron k\u00edv\u00fcl j\u00e1r el. A pert az \u00e9rintett \u2013 v\u00e1laszt\u00e1sa szerint \u2013 a lak\u00f3helye vagy tart\u00f3zkod\u00e1si helye szerint illet\u00e9kes t\u00f6rv\u00e9nysz\u00e9k el\u0151tt is megind\u00edthatja.<\/p>\n<p style=\"text-align: justify;\"><strong>A szervezet feladatai a megfelel\u0151 adatv\u00e9delem \u00e9rdek\u00e9ben<\/strong><\/p>\n<p style=\"text-align: justify;\">\u2013 Az adatv\u00e9delmi tudatoss\u00e1g. Biztos\u00edtani kell a szakmai felk\u00e9sz\u00fclts\u00e9get a jogszab\u00e1lyoknak val\u00f3 megfelel\u00e9shez. Elengedhetetlen a munkat\u00e1rsak szakmai felk\u00e9sz\u00edt\u00e9se \u00e9s a szab\u00e1lyzat megismer\u00e9se.<\/p>\n<p style=\"text-align: justify;\">\u2013 \u00c1t kell tekinteni az adatkezel\u00e9s c\u00e9lj\u00e1t, szempontrendszer\u00e9t, a szem\u00e9lyes adatkezel\u00e9s koncepci\u00f3j\u00e1t. Az adatv\u00e9delmi \u00e9s adatkezel\u00e9si szab\u00e1lyzattal \u00f6sszhangban kell biztos\u00edtani jogszer\u0171 adatkezel\u00e9st \u00e9s adatfeldolgoz\u00e1st.<\/p>\n<p style=\"text-align: justify;\">\u2013 Az adatkezel\u00e9sben \u00e9rintett szem\u00e9ly megfelel\u0151 t\u00e1j\u00e9koztat\u00e1sa. Figyelni kell arra, hogy \u2013 ha az adatkezel\u00e9s az \u00e9rintett hozz\u00e1j\u00e1rul\u00e1s\u00e1n alapul, \u2013 k\u00e9ts\u00e9g eset\u00e9n az adatkezel\u0151nek kell bizony\u00edtania, hogy az adatkezel\u00e9shez az \u00e9rintett szem\u00e9ly hozz\u00e1j\u00e1rult.<\/p>\n<p style=\"text-align: justify;\">\u2013 Az \u00e9rintett szem\u00e9lynek ny\u00fajtott t\u00e1j\u00e9koztat\u00e1s t\u00f6m\u00f6r, k\u00f6nnyen hozz\u00e1f\u00e9rhet\u0151 \u00e9s k\u00f6nnyen \u00e9rthet\u0151 legyen, ez\u00e9rt azt vil\u00e1gos \u00e9s k\u00f6z\u00e9rthet\u0151 nyelven kell megfogalmazni \u00e9s megjelen\u00edteni.<\/p>\n<p style=\"text-align: justify;\">\u2013 Az \u00e1tl\u00e1that\u00f3 adatkezel\u00e9s k\u00f6vetelm\u00e9nye, hogy az \u00e9rintett szem\u00e9ly t\u00e1j\u00e9koztat\u00e1st kapjon az adatkezel\u00e9s t\u00e9ny\u00e9r\u0151l \u00e9s c\u00e9ljair\u00f3l. A t\u00e1j\u00e9koztat\u00e1st az adatkezel\u00e9s megkezd\u00e9se el\u0151tt kell megadni \u00e9s a t\u00e1j\u00e9koztat\u00e1shoz val\u00f3 jog az adatkezel\u00e9s sor\u00e1n annak megsz\u0171n\u00e9s\u00e9ig megilleti az \u00e9rintettet.<\/p>\n<p style=\"text-align: justify;\">\u2013 Az adatkezel\u00e9sben \u00e9rintett szem\u00e9ly f\u0151bb jogai a k\u00f6vetkez\u0151k:<\/p>\n<ul style=\"text-align: justify;\">\n<li>a r\u00e1 vonatkoz\u00f3 szem\u00e9lyes adatokhoz val\u00f3 hozz\u00e1f\u00e9r\u00e9s;<\/li>\n<li>a szem\u00e9lyes adatok helyesb\u00edt\u00e9se;<\/li>\n<li>a szem\u00e9lyes adatok t\u00f6rl\u00e9se;<\/li>\n<li>a szem\u00e9lyes adatok kezel\u00e9s\u00e9nek korl\u00e1toz\u00e1sa;<\/li>\n<li>a profilalkot\u00e1s \u00e9s az automatiz\u00e1lt adatkezel\u00e9sen elleni tiltakoz\u00e1s;<\/li>\n<li>az adathordozhat\u00f3s\u00e1ghoz val\u00f3 jog.<\/li>\n<\/ul>\n<p style=\"text-align: justify;\">\u2013 Az adatkezel\u0151 indokolatlan k\u00e9sedelem n\u00e9lk\u00fcl, de legk\u00e9s\u0151bb a k\u00e9relem be\u00e9rkez\u00e9s\u00e9t\u0151l sz\u00e1m\u00edtott egy h\u00f3napon bel\u00fcl t\u00e1j\u00e9koztatja az \u00e9rintettet. Sz\u00fcks\u00e9g eset\u00e9n, figyelembe v\u00e9ve a k\u00e9relem \u00f6sszetetts\u00e9g\u00e9t \u00e9s a k\u00e9relmek sz\u00e1m\u00e1t, ez a hat\u00e1rid\u0151 tov\u00e1bbi k\u00e9t h\u00f3nappal meghosszabb\u00edthat\u00f3. A t\u00e1j\u00e9koztat\u00e1si k\u00f6telezetts\u00e9g biztos\u00edthat\u00f3 egy olyan biztons\u00e1gos online rendszer \u00fczemeltet\u00e9s\u00e9vel, amelyen kereszt\u00fcl az \u00e9rintett k\u00f6nnyen \u00e9s gyorsan hozz\u00e1f\u00e9rhet a sz\u00fcks\u00e9ges inform\u00e1ci\u00f3hoz.<\/p>\n<p style=\"text-align: justify;\">\u2013 \u00c1t kell tekinteni a szervezet \u00e1ltal v\u00e9gzett adatkezel\u00e9seket, biztos\u00edtani kell az inform\u00e1ci\u00f3s \u00f6nrendelkez\u00e9si jog \u00e9rv\u00e9nyes\u00fcl\u00e9s\u00e9t. Az \u00e9rintett szem\u00e9ly k\u00e9r\u00e9s\u00e9re adatait k\u00e9sedelem n\u00e9lk\u00fcl t\u00f6r\u00f6lni kell, amennyiben az \u00e9rintett szem\u00e9ly visszavonja az adatkezel\u00e9s alapj\u00e1t k\u00e9pez\u0151 hozz\u00e1j\u00e1rul\u00e1st.<\/p>\n<p style=\"text-align: justify;\">\u2013 Az \u00e9rintett szem\u00e9ly hozz\u00e1j\u00e1rul\u00e1s\u00e1b\u00f3l f\u00e9lre\u00e9rthetetlen\u00fcl ki kell der\u00fclnie, hogy az \u00e9rintett beleegyezik az adatkezel\u00e9sbe. Ha az adatkezel\u00e9s az \u00e9rintett hozz\u00e1j\u00e1rul\u00e1s\u00e1n alapul, k\u00e9ts\u00e9g eset\u00e9n az adatkezel\u0151nek kell bizony\u00edtania, hogy az adatkezel\u00e9si m\u0171velethez az \u00e9rintett hozz\u00e1j\u00e1rult.<\/p>\n<p style=\"text-align: justify;\">\u2013 Gyermekek szem\u00e9lyes adatkezel\u00e9se eset\u00e9n kiemelt figyelmet kell ford\u00edtani az adatkezel\u00e9si szab\u00e1lyok betart\u00e1s\u00e1ra. K\u00f6zvetlen\u00fcl gyermekeknek k\u00edn\u00e1lt, inform\u00e1ci\u00f3s t\u00e1rsadalommal \u00f6sszef\u00fcgg\u0151 szolg\u00e1ltat\u00e1sok vonatkoz\u00e1s\u00e1ban v\u00e9gzett szem\u00e9lyes adatok kezel\u00e9se akkor jogszer\u0171, ha a gyermek a 16. \u00e9let\u00e9v\u00e9t bet\u00f6lt\u00f6tte. A 16. \u00e9let\u00e9v\u00e9t be nem t\u00f6lt\u00f6tt gyermek eset\u00e9n, a gyermekek szem\u00e9lyes adatainak kezel\u00e9se csak akkor \u00e9s olyan m\u00e9rt\u00e9kben jogszer\u0171, ha a hozz\u00e1j\u00e1rul\u00e1st a gyermek feletti sz\u00fcl\u0151i fel\u00fcgyeletet gyakorl\u00f3 adta meg, illetve enged\u00e9lyezte.<\/p>\n<p style=\"text-align: justify;\">\u2013 A szem\u00e9lyes adat jogellenes kezel\u00e9se vagy feldolgoz\u00e1sa eset\u00e9n bejelent\u00e9si k\u00f6telezetts\u00e9g keletkezik a fel\u00fcgyel\u0151 hat\u00f3s\u00e1g fel\u00e9. Az adatkezel\u0151nek indokolatlan k\u00e9sedelem n\u00e9lk\u00fcl \u2013 ha lehets\u00e9ges, legk\u00e9s\u0151bb 72 \u00f3r\u00e1val azut\u00e1n, hogy az adatv\u00e9delmi incidens a tudom\u00e1s\u00e1ra jutott, \u2013 meg kell tenni a bejelent\u00e9st a fel\u00fcgyeleti hat\u00f3s\u00e1gnak, kiv\u00e9ve akkor, ha az adatv\u00e9delmi incidens val\u00f3sz\u00edn\u0171s\u00edthet\u0151en nem j\u00e1r kock\u00e1zattal a term\u00e9szetes szem\u00e9ly jogait tekintve.<\/p>\n<p style=\"text-align: justify;\">\u2013 Bizonyos esetekben indokolt lehet az adatkezel\u0151nek az adatkezel\u00e9st megel\u0151z\u0151en adatv\u00e9delmi hat\u00e1svizsg\u00e1latot lefolytatni. A hat\u00e1svizsg\u00e1lat sor\u00e1n meg kell vizsg\u00e1lni, hogy a tervezett adatkezel\u00e9si m\u0171veletek a szem\u00e9lyes adatok v\u00e9delm\u00e9t hogyan \u00e9rintik. Ha az adatv\u00e9delmi hat\u00e1svizsg\u00e1lat meg\u00e1llap\u00edtja, hogy az adatkezel\u00e9s val\u00f3sz\u00edn\u0171s\u00edthet\u0151en magas kock\u00e1zattal j\u00e1r, a szem\u00e9lyes adatok kezel\u00e9s\u00e9t megel\u0151z\u0151en az adatkezel\u0151nek konzult\u00e1lnia kell a fel\u00fcgyeleti hat\u00f3s\u00e1ggal.<\/p>\n<p style=\"text-align: justify;\">\u2013 Abban az esetben, ha a f\u0151 tev\u00e9kenys\u00e9gek olyan adatkezel\u00e9si m\u0171veleteket foglalnak magukban, amelyek jelleg\u00fckn\u00e9l, hat\u00f3k\u00f6r\u00fckn\u00e9l vagy c\u00e9ljaikn\u00e1l fogva az \u00e9rintettek rendszeres \u00e9s szisztematikus, nagym\u00e9rt\u00e9k\u0171 megfigyel\u00e9s\u00e9t teszik sz\u00fcks\u00e9gess\u00e9, adatv\u00e9delmi tisztvisel\u0151t kell kinevezni. Az adatv\u00e9delmi tisztvisel\u0151 kinevez\u00e9se az adatbiztons\u00e1g meger\u0151s\u00edt\u00e9s\u00e9t c\u00e9lozza.<\/p>\n<p style=\"text-align: justify;\"><strong>Adatbiztons\u00e1g<\/strong><\/p>\n<p style=\"text-align: justify;\">Az adatokat megfelel\u0151 int\u00e9zked\u00e9sekkel v\u00e9deni kell k\u00fcl\u00f6n\u00f6sen a jogosulatlan hozz\u00e1f\u00e9r\u00e9s, megv\u00e1ltoztat\u00e1s, tov\u00e1bb\u00edt\u00e1s, nyilv\u00e1noss\u00e1gra hozatal, t\u00f6rl\u00e9s vagy megsemmis\u00edt\u00e9s, valamint a v\u00e9letlen megsemmis\u00fcl\u00e9s \u00e9s s\u00e9r\u00fcl\u00e9s, tov\u00e1bb\u00e1 az alkalmazott technika megv\u00e1ltoz\u00e1s\u00e1b\u00f3l fakad\u00f3 hozz\u00e1f\u00e9rhetetlenn\u00e9 v\u00e1l\u00e1s ellen.<\/p>\n<p style=\"text-align: justify;\">A nyilv\u00e1ntart\u00e1sokban elektronikusan kezelt adat\u00e1llom\u00e1nyok v\u00e9delme \u00e9rdek\u00e9ben megfelel\u0151 technikai megold\u00e1ssal biztos\u00edtani kell, hogy a nyilv\u00e1ntart\u00e1sokban t\u00e1rolt adatok k\u00f6zvetlen\u00fcl ne legyenek \u00f6sszekapcsolhat\u00f3k \u00e9s az \u00e9rintetthez rendelhet\u0151k.<\/p>\n<p style=\"text-align: justify;\">Az adatbiztons\u00e1g megtervez\u00e9sekor \u00e9s alkalmaz\u00e1sakor tekintettel kell lenni a technika mindenkori fejletts\u00e9g\u00e9re. T\u00f6bb lehets\u00e9ges adatkezel\u00e9si megold\u00e1s k\u00f6z\u00fcl azt kell v\u00e1lasztani, amely a szem\u00e9lyes adatok magasabb szint\u0171 v\u00e9delm\u00e9t biztos\u00edtja, kiv\u00e9ve, ha az ar\u00e1nytalan neh\u00e9zs\u00e9get jelentene az adatkezel\u0151nek.<\/p>\n<p style=\"text-align: justify;\"><strong>Adatv\u00e9delmi tisztvisel\u0151<\/strong><\/p>\n<p style=\"text-align: justify;\">Adatv\u00e9delmi tisztvisel\u0151 kijel\u00f6l\u00e9se k\u00f6telez\u0151 az al\u00e1bbi krit\u00e9riumok alapj\u00e1n:<\/p>\n<ul style=\"text-align: justify;\">\n<li>az adatkezel\u00e9st k\u00f6zhatalmi szervek vagy egy\u00e9b, k\u00f6zfeladatot ell\u00e1t\u00f3 szervek v\u00e9gzik, kiv\u00e9ve az igazs\u00e1gszolg\u00e1ltat\u00e1si feladatk\u00f6r\u00fckben elj\u00e1r\u00f3 b\u00edr\u00f3s\u00e1gokat;<\/li>\n<li>az adatkezel\u0151 vagy az adatfeldolgoz\u00f3 f\u0151 tev\u00e9kenys\u00e9gei olyan adatkezel\u00e9si m\u0171veleteket foglalnak magukban, amelyek jelleg\u00fckn\u00e9l, hat\u00f3k\u00f6r\u00fckn\u00e9l vagy c\u00e9ljaikn\u00e1l fogva az \u00e9rintettek rendszeres \u00e9s szisztematikus, nagym\u00e9rt\u00e9k\u0171 megfigyel\u00e9s\u00e9t teszik sz\u00fcks\u00e9gess\u00e9;<\/li>\n<li>az adatkezel\u0151 vagy az adatfeldolgoz\u00f3 f\u0151 tev\u00e9kenys\u00e9gei a szem\u00e9lyes adatok b\u00fcntet\u0151jogi felel\u0151ss\u00e9g meg\u00e1llap\u00edt\u00e1s\u00e1ra vonatkoz\u00f3 hat\u00e1rozatokra \u00e9s b\u0171ncselekm\u00e9nyekre vonatkoz\u00f3 adatok nagy sz\u00e1mban t\u00f6rt\u00e9n\u0151 kezel\u00e9s\u00e9re vonatkoznak.<\/li>\n<\/ul>\n<p style=\"text-align: justify;\">Amennyiben adatv\u00e9delmi tisztvisel\u0151 kijel\u00f6l\u00e9se k\u00f6telez\u0151, akkor arra az al\u00e1bbi szab\u00e1lyok vonatkoznak:<\/p>\n<p style=\"text-align: justify;\">Az adatv\u00e9delmi tisztvisel\u0151t szakmai r\u00e1termetts\u00e9g \u00e9s k\u00fcl\u00f6n\u00f6sen az adatv\u00e9delmi jog \u00e9s gyakorlat szak\u00e9rt\u0151i szint\u0171 ismerete, valamint az adatkezel\u00e9s ell\u00e1t\u00e1s\u00e1ra val\u00f3 alkalmass\u00e1g alapj\u00e1n kell kijel\u00f6lni.<\/p>\n<p style=\"text-align: justify;\">Az adatv\u00e9delmi tisztvisel\u0151 az adatkezel\u0151 vagy az adatfeldolgoz\u00f3 alkalmazottja is lehet, de szolg\u00e1ltat\u00e1si szerz\u0151d\u00e9s keret\u00e9ben is ell\u00e1thatja feladatait.<\/p>\n<p style=\"text-align: justify;\">Az adatkezel\u0151nek vagy az adatfeldolgoz\u00f3nak k\u00f6telez\u0151 k\u00f6zz\u00e9tenni az adatv\u00e9delmi tisztvisel\u0151 nev\u00e9t \u00e9s el\u00e9rhet\u0151s\u00e9g\u00e9t, \u00e9s azokat a fel\u00fcgyeleti hat\u00f3s\u00e1ggal is k\u00f6z\u00f6lni kell.<\/p>\n<p style=\"text-align: justify;\"><strong>Az adatv\u00e9delmi tisztvisel\u0151 jog\u00e1ll\u00e1sa<\/strong><\/p>\n<p style=\"text-align: justify;\">Az adatkezel\u0151nek biztos\u00edtania kell, hogy az adatv\u00e9delmi tisztvisel\u0151 a szem\u00e9lyes adatok v\u00e9delm\u00e9vel kapcsolatos \u00f6sszes \u00fcgybe megfelel\u0151 m\u00f3don \u00e9s id\u0151ben bekapcsol\u00f3djon. Biztos\u00edtani kell, hogy az adatv\u00e9delmi tisztvisel\u0151 szak\u00e9rt\u0151i szint\u0171 ismereteinek fenntart\u00e1s\u00e1hoz sz\u00fcks\u00e9ges forr\u00e1sok rendelkez\u00e9sre \u00e1lljanak.<\/p>\n<p style=\"text-align: justify;\">Az adatv\u00e9delmi tisztvisel\u0151 a feladatai ell\u00e1t\u00e1s\u00e1val kapcsolatban utas\u00edt\u00e1sokat senkit\u0151l nem fogadhat el. Az adatkezel\u0151 vagy az adatfeldolgoz\u00f3 az adatv\u00e9delmi tisztvisel\u0151t feladatai ell\u00e1t\u00e1s\u00e1val \u00f6sszef\u00fcgg\u00e9sben nem bocs\u00e1thatja el \u00e9s szankci\u00f3val sem s\u00fajthatja. Az adatv\u00e9delmi tisztvisel\u0151 k\u00f6zvetlen\u00fcl az adatkezel\u0151 vagy az adatfeldolgoz\u00f3 legfels\u0151 vezet\u00e9s\u00e9nek tartozik felel\u0151ss\u00e9ggel.<\/p>\n<p style=\"text-align: justify;\">Az \u00e9rintettek a szem\u00e9lyes adataik kezel\u00e9s\u00e9hez \u00e9s jogaik gyakorl\u00e1s\u00e1hoz kapcsol\u00f3d\u00f3 valamennyi k\u00e9rd\u00e9sben az adatv\u00e9delmi tisztvisel\u0151h\u00f6z fordulhatnak.<\/p>\n<p style=\"text-align: justify;\">Az adatv\u00e9delmi tisztvisel\u0151t feladatai teljes\u00edt\u00e9s\u00e9vel kapcsolatban titoktart\u00e1si k\u00f6telezetts\u00e9g vagy az adatok bizalmas kezel\u00e9s\u00e9re vonatkoz\u00f3 k\u00f6telezetts\u00e9g k\u00f6ti.<\/p>\n<p style=\"text-align: justify;\">Az adatv\u00e9delmi tisztvisel\u0151 m\u00e1s feladatokat is ell\u00e1that, de a feladatokkal kapcsolatban \u00f6sszef\u00e9rhetetlens\u00e9g ne \u00e1lljon fenn.<\/p>\n<p style=\"text-align: justify;\"><strong>Az adatv\u00e9delmi tisztvisel\u0151 feladatai<\/strong><\/p>\n<ul style=\"text-align: justify;\">\n<li>T\u00e1j\u00e9koztat \u00e9s szakmai tan\u00e1csot ad az adatkezel\u0151 vagy az adatfeldolgoz\u00f3, tov\u00e1bb\u00e1 az adatkezel\u00e9st v\u00e9gz\u0151 alkalmazottak r\u00e9sz\u00e9re;<\/li>\n<li>ellen\u0151rzi az adatkezel\u0151 vagy az adatfeldolgoz\u00f3 szem\u00e9lyes adatok v\u00e9delm\u00e9vel kapcsolatos bels\u0151 szab\u00e1lyainak val\u00f3 megfelel\u00e9st;<\/li>\n<li>k\u00e9r\u00e9sre szakmai tan\u00e1csot ad az adatv\u00e9delmi hat\u00e1svizsg\u00e1latra vonatkoz\u00f3an, valamint nyomon k\u00f6veti a hat\u00e1svizsg\u00e1lat elv\u00e9gz\u00e9s\u00e9t;<\/li>\n<li>egy\u00fcttm\u0171k\u00f6dik a fel\u00fcgyeleti hat\u00f3s\u00e1ggal.<\/li>\n<\/ul>\n<p style=\"text-align: justify;\"><strong>Adatv\u00e9delmi incidens<\/strong><\/p>\n<p style=\"text-align: justify;\">Az adatv\u00e9delmi incidens a biztons\u00e1g olyan s\u00e9r\u00fcl\u00e9se, amely a tov\u00e1bb\u00edtott, t\u00e1rolt vagy m\u00e1s m\u00f3don kezelt szem\u00e9lyes adatok v\u00e9letlen vagy jogellenes megsemmis\u00edt\u00e9s\u00e9t, elveszt\u00e9s\u00e9t, megv\u00e1ltoztat\u00e1s\u00e1t, jogosulatlan k\u00f6zl\u00e9s\u00e9t vagy az azokhoz val\u00f3 jogosulatlan hozz\u00e1f\u00e9r\u00e9st eredm\u00e9nyezi.<\/p>\n<p style=\"text-align: justify;\">Az adatv\u00e9delmi incidens megfelel\u0151 \u00e9s kell\u0151 idej\u0171 int\u00e9zked\u00e9s hi\u00e1ny\u00e1ban fizikai, vagyoni vagy nem vagyoni k\u00e1rokat okozhat a term\u00e9szetes szem\u00e9lyeknek, t\u00f6bbek k\u00f6z\u00f6tt a szem\u00e9lyes adataik feletti rendelkez\u00e9s elveszt\u00e9s\u00e9t vagy a jogaik korl\u00e1toz\u00e1s\u00e1t, a h\u00e1tr\u00e1nyos megk\u00fcl\u00f6nb\u00f6ztet\u00e9st, a szem\u00e9lyazonoss\u00e1g-lop\u00e1st vagy a szem\u00e9lyazonoss\u00e1ggal val\u00f3 vissza\u00e9l\u00e9st.<\/p>\n<p style=\"text-align: justify;\">Az adatv\u00e9delmi incidenst indokolatlan k\u00e9sedelem n\u00e9lk\u00fcl, legk\u00e9s\u0151bb 72 \u00f3r\u00e1n bel\u00fcl be kell jelenteni az illet\u00e9kes fel\u00fcgyeleti hat\u00f3s\u00e1gn\u00e1l, kiv\u00e9ve, ha az elsz\u00e1moltathat\u00f3s\u00e1g elv\u00e9vel \u00f6sszhangban bizony\u00edtani lehet, hogy az adatv\u00e9delmi incidens val\u00f3sz\u00edn\u0171leg nem j\u00e1r kock\u00e1zattal a term\u00e9szetes szem\u00e9lyek jogaira \u00e9s szabads\u00e1gaira n\u00e9zve.<\/p>\n<p style=\"text-align: justify;\">Az \u00e9rintett szem\u00e9lyt k\u00e9sedelem n\u00e9lk\u00fcl t\u00e1j\u00e9koztatni kell, ha az adatv\u00e9delmi incidens val\u00f3sz\u00edn\u0171s\u00edthet\u0151en magas kock\u00e1zattal j\u00e1r a term\u00e9szetes szem\u00e9ly jogaira \u00e9s szabads\u00e1g\u00e1ra n\u00e9zve, annak \u00e9rdek\u00e9ben, hogy megtehesse a sz\u00fcks\u00e9ges \u00f3vint\u00e9zked\u00e9seket.<\/p>\n<p style=\"text-align: justify;\"><strong>\u00dcgyviteli \u00e9s nyilv\u00e1ntart\u00e1s c\u00e9l\u00fa adatkezel\u00e9s<\/strong><\/p>\n<p style=\"text-align: justify;\">A szervezet a tev\u00e9kenys\u00e9g\u00e9hez tartoz\u00f3 esetekben illetve \u00fcgyviteli \u00e9s nyilv\u00e1ntart\u00e1si c\u00e9lb\u00f3l szem\u00e9lyes adatokat is kezelhet.<\/p>\n<p style=\"text-align: justify;\">Az adatkezel\u00e9s alapj\u00e1ul az \u00e9rintett szem\u00e9ly megfelel\u0151 t\u00e1j\u00e9koztat\u00e1s\u00e1n alapul\u00f3 \u00f6nk\u00e9ntes \u00e9s hat\u00e1rozott hozz\u00e1j\u00e1rul\u00e1s szolg\u00e1l. A r\u00e9szletes t\u00e1j\u00e9koztat\u00e1s \u2013 amely kiterjed az adatkezel\u00e9s c\u00e9lj\u00e1ra, jogalapj\u00e1ra \u00e9s id\u0151tartam\u00e1ra valamint az \u00e9rintett szem\u00e9ly jogaira \u2013 ut\u00e1n az \u00e9rintettet figyelmeztetni kell az adatkezel\u00e9s \u00f6nk\u00e9ntes jelleg\u00e9re. Az adatkezel\u00e9shez val\u00f3 hozz\u00e1j\u00e1rul\u00e1st \u00edr\u00e1sban r\u00f6gz\u00edteni kell.<\/p>\n<p style=\"text-align: justify;\">Az \u00fcgyviteli \u00e9s nyilv\u00e1ntart\u00e1si c\u00e9lb\u00f3l t\u00f6rt\u00e9n\u0151 adatkezel\u00e9s az al\u00e1bbi c\u00e9lokat szolg\u00e1lja:<\/p>\n<p style=\"text-align: justify;\">\u2013 a szervezet tagjainak \u00e9s munkav\u00e1llal\u00f3inak adatkezel\u00e9se, amely jogszab\u00e1lyi k\u00f6telezetts\u00e9gen alapul;<\/p>\n<p style=\"text-align: justify;\">\u2013 a szervezettel megb\u00edz\u00e1si jogviszonyban \u00e1ll\u00f3 szem\u00e9lyek adatkezel\u00e9se kapcsolattart\u00e1si, elsz\u00e1mol\u00e1si \u00e9s nyilv\u00e1ntart\u00e1si c\u00e9lb\u00f3l;<\/p>\n<p style=\"text-align: justify;\">\u2013 a szervezettel \u00fczleti kapcsolatban \u00e1ll\u00f3 m\u00e1s szervezetek, int\u00e9zm\u00e9nyek \u00e9s v\u00e1llalkoz\u00e1sok kapcsolattart\u00f3i adatai, amelyek term\u00e9szetes szem\u00e9lyek el\u00e9rhet\u0151s\u00e9gi \u00e9s azonos\u00edt\u00e1si adatai is lehetnek;<\/p>\n<p style=\"text-align: justify;\">A fentiek szerinti adatkezel\u00e9s egyr\u00e9szr\u0151l jogszab\u00e1lyi k\u00f6telezetts\u00e9gen alapul, m\u00e1sr\u00e9szr\u0151l pedig az \u00e9rintett szem\u00e9ly kifejezetten hozz\u00e1j\u00e1rult adatai kezel\u00e9s\u00e9hez (p\u00e9ld\u00e1ul munkaszerz\u0151d\u00e9s c\u00e9lj\u00e1b\u00f3l vagy weboldalon partnerk\u00e9nt regisztr\u00e1lt, stb.)<\/p>\n<p style=\"text-align: justify;\">A szervezethez \u00edr\u00e1sos form\u00e1ban eljuttatott \u2013 szem\u00e9lyes adatokat is tartalmaz\u00f3 \u2013 dokumentumok (p\u00e9ld\u00e1ul \u00f6n\u00e9letrajz, \u00e1ll\u00e1skeres\u00e9si jelentkez\u00e9s, egy\u00e9b beadv\u00e1ny, stb.) eset\u00e9ben az \u00e9rintett szem\u00e9ly hozz\u00e1j\u00e1rul\u00e1s\u00e1t v\u00e9lelmezni kell. Az \u00fcgy lez\u00e1rulta ut\u00e1n \u2013 tov\u00e1bbi felhaszn\u00e1l\u00e1sra vonatkoz\u00f3 hozz\u00e1j\u00e1rul\u00e1s hi\u00e1ny\u00e1ban \u2013 az iratokat meg kell semmis\u00edteni. A megsemmis\u00edt\u00e9s t\u00e9ny\u00e9t jegyz\u0151k\u00f6nyvben kell r\u00f6gz\u00edteni.<\/p>\n<p style=\"text-align: justify;\">Az \u00fcgyviteli c\u00e9l\u00fa adatkezel\u00e9s eset\u00e9ben a szem\u00e9lyes adatok kiz\u00e1r\u00f3lag az adott \u00fcgy irataiban \u00e9s a nyilv\u00e1ntart\u00e1sokban szerepelnek. Ezen adatok kezel\u00e9se a kezel\u00e9s alapj\u00e1ul szolg\u00e1l\u00f3 irat selejtez\u00e9s\u00e9ig tart.<\/p>\n<p style=\"text-align: justify;\">Az \u00fcgyviteli \u00e9s nyilv\u00e1ntart\u00e1si c\u00e9lb\u00f3l t\u00f6rt\u00e9n\u0151 adatkezel\u00e9st \u2013 annak biztos\u00edt\u00e1sa \u00e9rdek\u00e9ben, hogy a szem\u00e9lyes adatok t\u00e1rol\u00e1sa a sz\u00fcks\u00e9ges id\u0151tartamra korl\u00e1toz\u00f3djon, \u2013 \u00e9vente fel\u00fcl kell vizsg\u00e1lni, a pontatlan szem\u00e9lyes adatokat halad\u00e9ktalanul t\u00f6r\u00f6lni kell.<\/p>\n<p style=\"text-align: justify;\">Az \u00fcgyviteli \u00e9s nyilv\u00e1ntart\u00e1si c\u00e9lb\u00f3l t\u00f6rt\u00e9n\u0151 adatkezel\u00e9s eset\u00e9ben is biztos\u00edtani kell a jogszab\u00e1lyoknak val\u00f3 megfelel\u00e9st.<\/p>\n<p style=\"text-align: justify;\">Egy\u00e9b c\u00e9lb\u00f3l t\u00f6rt\u00e9n\u0151 adatkezel\u00e9s<\/p>\n<p style=\"text-align: justify;\">A szab\u00e1lyzathoz tartoz\u00f3 egy\u00e9b dokumentumok<\/p>\n<p style=\"text-align: justify;\">Az adatv\u00e9delmi \u00e9s adatkezel\u00e9si szab\u00e1lyzathoz kell kapcsolni \u00e9s azzal egy\u00fctt kezelni azokat a dokumentumokat \u00e9s szab\u00e1lyoz\u00e1sokat, amelyek p\u00e9ld\u00e1ul az adatkezel\u00e9shez hozz\u00e1j\u00e1rul\u00f3 \u00edr\u00e1sbeli nyilatkozatot tartalmazz\u00e1k vagy p\u00e9ld\u00e1ul weboldalak eset\u00e9n a k\u00f6telez\u0151 adatkezel\u00e9si t\u00e1j\u00e9koztat\u00f3t \u00edrj\u00e1k le.<\/p>\n<p style=\"text-align: justify;\"><strong>Adatfeldolgoz\u00f3k megnevez\u00e9se, c\u00edme \u00e9s adatfeldolgoz\u00e1s megnevez\u00e9se:<\/strong><\/p>\n<p style=\"text-align: justify;\">Moln\u00e1r-Kir\u00e1ly Zsuzsanna egy\u00e9ni v\u00e1llalkoz\u00f3 (5600 B\u00e9k\u00e9scsaba, Bart\u00f3k B. \u00fat 37\/A. IV. em. 15. | Ad\u00f3sz\u00e1m: 65130885-1-24 | E-mail: m-design@m-design.hu) \u2013 webhost szolg\u00e1ltat\u00e1s.<\/p>\n<p style=\"text-align: justify;\"><strong>Az adatkezel\u00e9s alapj\u00e1ul szolg\u00e1l\u00f3 jogszab\u00e1lyok<\/strong><\/p>\n<p style=\"text-align: justify;\">\u2013 AZ EUR\u00d3PAI PARLAMENT \u00c9S A TAN\u00c1CS (EU) 2016\/679 RENDELETE (2016. \u00e1prilis 27.) a term\u00e9szetes szem\u00e9lyeknek a szem\u00e9lyes adatok kezel\u00e9se tekintet\u00e9ben t\u00f6rt\u00e9n\u0151 v\u00e9delm\u00e9r\u0151l \u00e9s az ilyen adatok szabad \u00e1raml\u00e1s\u00e1r\u00f3l, valamint a 95\/46\/EK rendelet hat\u00e1lyon k\u00edv\u00fcl helyez\u00e9s\u00e9r\u0151l (\u00e1ltal\u00e1nos adatv\u00e9delmi rendelet).<\/p>\n<p style=\"text-align: justify;\">\u2013 2011. \u00e9vi CXII. t\u00f6rv\u00e9ny az inform\u00e1ci\u00f3s \u00f6nrendelkez\u00e9si jogr\u00f3l \u00e9s az inform\u00e1ci\u00f3szabads\u00e1gr\u00f3l.<\/p>\n<p style=\"text-align: justify;\">\u2013 A k\u00f6ziratokr\u00f3l, a k\u00f6zlev\u00e9lt\u00e1rakr\u00f3l \u00e9s a mag\u00e1nlev\u00e9lt\u00e1ri anyag v\u00e9delm\u00e9r\u0151l sz\u00f3l\u00f3 1995. \u00e9vi LXVI. t\u00f6rv\u00e9ny.<\/p>\n<p style=\"text-align: justify;\">\u2013 A k\u00f6zfeladatot ell\u00e1t\u00f3 szervek iratkezel\u00e9s\u00e9nek \u00e1ltal\u00e1nos k\u00f6vetelm\u00e9nyeir\u0151l sz\u00f3l\u00f3 335\/2005. (XII. 29.) Korm. rendelet.<\/p>\n<p style=\"text-align: justify;\">\u2013 2001. \u00e9vi CVIII. t\u00f6rv\u00e9ny az elektronikus kereskedelmi szolg\u00e1ltat\u00e1sok, valamint az inform\u00e1ci\u00f3s t\u00e1rsadalommal \u00f6sszef\u00fcgg\u0151 szolg\u00e1ltat\u00e1sok egyes k\u00e9rd\u00e9seir\u0151l.<\/p>\n<p style=\"text-align: justify;\">\u2013 2003. \u00e9vi C. t\u00f6rv\u00e9ny az elektronikus h\u00edrk\u00f6zl\u00e9sr\u0151l.<\/p>\n","protected":false},"excerpt":{"rendered":"<p>Adatkezel\u00e9s A szab\u00e1lyzat tartalm\u00e1\u00e9rt felel\u0151s szem\u00e9ly: Babos \u00c1d\u00e1m A szervezet sz\u00e9khelye: 1141 Budapest, Mogyor\u00f3di \u00fat 145\/B. A szab\u00e1lyzat hat\u00e1lyba l\u00e9p\u00e9s\u00e9nek d\u00e1tuma: 2025. m\u00e1rcius 1. Ez a szab\u00e1lyzat a term\u00e9szetes szem\u00e9lyeknek a szem\u00e9lyes adatok kezel\u00e9se tekintet\u00e9ben t\u00f6rt\u00e9n\u0151 v\u00e9delm\u00e9re \u00e9s a szem\u00e9lyes adatok szabad \u00e1raml\u00e1s\u00e1ra vonatkoz\u00f3 szab\u00e1lyokat \u00e1llap\u00edt meg. A szab\u00e1lyzatban foglaltakat kell alkalmazni a konkr\u00e9t adatkezel\u00e9si [&hellip;]<\/p>\n","protected":false},"author":1,"featured_media":0,"parent":52,"menu_order":2,"comment_status":"closed","ping_status":"closed","template":"template-full-width.php","meta":{"footnotes":""},"class_list":["post-3","page","type-page","status-publish","hentry"],"_links":{"self":[{"href":"https:\/\/selbaacrobatics.hu\/site\/wp-json\/wp\/v2\/pages\/3","targetHints":{"allow":["GET"]}}],"collection":[{"href":"https:\/\/selbaacrobatics.hu\/site\/wp-json\/wp\/v2\/pages"}],"about":[{"href":"https:\/\/selbaacrobatics.hu\/site\/wp-json\/wp\/v2\/types\/page"}],"author":[{"embeddable":true,"href":"https:\/\/selbaacrobatics.hu\/site\/wp-json\/wp\/v2\/users\/1"}],"replies":[{"embeddable":true,"href":"https:\/\/selbaacrobatics.hu\/site\/wp-json\/wp\/v2\/comments?post=3"}],"version-history":[{"count":7,"href":"https:\/\/selbaacrobatics.hu\/site\/wp-json\/wp\/v2\/pages\/3\/revisions"}],"predecessor-version":[{"id":167,"href":"https:\/\/selbaacrobatics.hu\/site\/wp-json\/wp\/v2\/pages\/3\/revisions\/167"}],"up":[{"embeddable":true,"href":"https:\/\/selbaacrobatics.hu\/site\/wp-json\/wp\/v2\/pages\/52"}],"wp:attachment":[{"href":"https:\/\/selbaacrobatics.hu\/site\/wp-json\/wp\/v2\/media?parent=3"}],"curies":[{"name":"wp","href":"https:\/\/api.w.org\/{rel}","templated":true}]}}